{"id":1355,"date":"2024-05-03T11:16:13","date_gmt":"2024-05-03T09:16:13","guid":{"rendered":"https:\/\/europeum-hotel.ms2.decms.eu\/europeum-jest-sztuka\/"},"modified":"2024-09-09T09:00:54","modified_gmt":"2024-09-09T07:00:54","slug":"umeni-a-design-v-europeum","status":"publish","type":"page","link":"https:\/\/europeum.pl\/cs\/umeni-a-design-v-europeum\/","title":{"rendered":"Um\u011bn\u00ed a design v Europeum"},"content":{"rendered":"<p>Objevte <strong>modern\u00ed dekorativn\u00ed a u\u017eit\u00e9 um\u011bn\u00ed<\/strong>, kter\u00e9 je v na\u0161ich interi\u00e9rech v\u0161udyp\u0159\u00edtomn\u00e9.<\/p>\n<p>P\u0159i proch\u00e1zce vstupn\u00ed halou, chodbami a pokoji hotelu Europeum se setk\u00e1te s um\u011bleck\u00fdmi d\u00edly, a to jak s restaurovan\u00fdm klasick\u00fdm historick\u00fdm n\u00e1bytkem, tak s modern\u00edmi kousky navr\u017een\u00fdmi a vyroben\u00fdmi speci\u00e1ln\u011b pro Europeum zn\u00e1m\u00fdmi polsk\u00fdmi um\u011blci. Budete si zde p\u0159ipadat jako ve skute\u010dn\u00e9 galerii um\u011bn\u00ed.<\/p>\n<p>Pou\u017eit\u00edm p\u0159\u00edrodn\u00edch materi\u00e1l\u016f, jako je dub, mosaz a k\u016f\u017ee, vytv\u00e1\u0159\u00edme p\u0159i restaurov\u00e1n\u00ed staro\u017eitn\u00fdch i nov\u011b navr\u017een\u00fdch p\u0159edm\u011bt\u016f jedine\u010dnou estetiku, kter\u00e1 zaujme a vzru\u0161\u00ed ka\u017ed\u00e9ho, kdo oce\u0148uje nejen um\u011bn\u00ed a \u0159emeslnou zru\u010dnost, ale tak\u00e9 kr\u00e1sn\u00e9 p\u0159edm\u011bty.<\/p>\n<p>Poci\u0165te jedine\u010dnou atmosf\u00e9ru a objevte um\u011bleckou du\u0161i hotelu Europeum!<\/p>\n","protected":false},"excerpt":{"rendered":"<p>Objevte modern\u00ed dekorativn\u00ed a u\u017eit\u00e9 um\u011bn\u00ed, kter\u00e9 je v na\u0161ich interi\u00e9rech v\u0161udyp\u0159\u00edtomn\u00e9. P\u0159i proch\u00e1zce vstupn\u00ed halou, chodbami a pokoji hotelu Europeum se setk\u00e1te s um\u011bleck\u00fdmi d\u00edly, a to jak s restaurovan\u00fdm klasick\u00fdm historick\u00fdm n\u00e1bytkem, tak s modern\u00edmi kousky navr\u017een\u00fdmi a vyroben\u00fdmi speci\u00e1ln\u011b pro Europeum zn\u00e1m\u00fdmi polsk\u00fdmi um\u011blci. Budete si zde p\u0159ipadat jako ve skute\u010dn\u00e9 galerii [&hellip;]<\/p>\n","protected":false},"author":12,"featured_media":0,"parent":0,"menu_order":5,"comment_status":"closed","ping_status":"closed","template":"template-job.php","meta":{"footnotes":""},"yoast_head":"<!-- This site is optimized with the Yoast SEO plugin v22.3 - https:\/\/yoast.com\/wordpress\/plugins\/seo\/ -->\n<title>Um\u011bn\u00ed a design v Europeum &#8211; Europeum Hotel<\/title>\n<meta name=\"description\" content=\"Objevte modern\u00ed dekorativn\u00ed a u\u017eit\u00e9 um\u011bn\u00ed, kter\u00e9 je v na\u0161ich interi\u00e9rech v\u0161udyp\u0159\u00edtomn\u00e9.  P\u0159i proch\u00e1zce vstupn\u00ed halou, chodbami a pokoji hotelu Europeum se setk\u00e1te s um\u011bleck\u00fdmi d\u00edly, a to jak s restaurovan\u00fdm klasick\u00fdm historick\u00fdm n\u00e1bytkem, tak s modern\u00edmi kousky navr\u017een\u00fdmi a vyroben\u00fdmi speci\u00e1ln\u011b pro Europeum zn\u00e1m\u00fdmi polsk\u00fdmi um\u011blci. Budete si zde p\u0159ipadat jako ve skute\u010dn\u00e9 galerii um\u011bn\u00ed.  Pou\u017eit\u00edm p\u0159\u00edrodn\u00edch materi\u00e1l\u016f, jako je dub, mosaz a k\u016f\u017ee, vytv\u00e1\u0159\u00edme p\u0159i restaurov\u00e1n\u00ed staro\u017eitn\u00fdch i nov\u011b navr\u017een\u00fdch p\u0159edm\u011bt\u016f jedine\u010dnou estetiku, kter\u00e1 zaujme a vzru\u0161\u00ed ka\u017ed\u00e9ho, kdo oce\u0148uje nejen um\u011bn\u00ed a \u0159emeslnou zru\u010dnost, ale tak\u00e9 kr\u00e1sn\u00e9 p\u0159edm\u011bty.  Poci\u0165te jedine\u010dnou atmosf\u00e9ru a objevte um\u011bleckou du\u0161i hotelu Europeum!\" \/>\n<meta name=\"robots\" content=\"index, follow, max-snippet:-1, max-image-preview:large, max-video-preview:-1\" \/>\n<link rel=\"canonical\" href=\"https:\/\/europeum.pl\/cs\/umeni-a-design-v-europeum\/\" \/>\n<meta property=\"og:locale\" content=\"cs_CZ\" \/>\n<meta property=\"og:type\" content=\"article\" \/>\n<meta property=\"og:title\" content=\"Um\u011bn\u00ed a design v Europeum &#8211; Europeum Hotel\" \/>\n<meta property=\"og:description\" content=\"Objevte modern\u00ed dekorativn\u00ed a u\u017eit\u00e9 um\u011bn\u00ed, kter\u00e9 je v na\u0161ich interi\u00e9rech v\u0161udyp\u0159\u00edtomn\u00e9.  P\u0159i proch\u00e1zce vstupn\u00ed halou, chodbami a pokoji hotelu Europeum se setk\u00e1te s um\u011bleck\u00fdmi d\u00edly, a to jak s restaurovan\u00fdm klasick\u00fdm historick\u00fdm n\u00e1bytkem, tak s modern\u00edmi kousky navr\u017een\u00fdmi a vyroben\u00fdmi speci\u00e1ln\u011b pro Europeum zn\u00e1m\u00fdmi polsk\u00fdmi um\u011blci. Budete si zde p\u0159ipadat jako ve skute\u010dn\u00e9 galerii um\u011bn\u00ed.  Pou\u017eit\u00edm p\u0159\u00edrodn\u00edch materi\u00e1l\u016f, jako je dub, mosaz a k\u016f\u017ee, vytv\u00e1\u0159\u00edme p\u0159i restaurov\u00e1n\u00ed staro\u017eitn\u00fdch i nov\u011b navr\u017een\u00fdch p\u0159edm\u011bt\u016f jedine\u010dnou estetiku, kter\u00e1 zaujme a vzru\u0161\u00ed ka\u017ed\u00e9ho, kdo oce\u0148uje nejen um\u011bn\u00ed a \u0159emeslnou zru\u010dnost, ale tak\u00e9 kr\u00e1sn\u00e9 p\u0159edm\u011bty.  Poci\u0165te jedine\u010dnou atmosf\u00e9ru a objevte um\u011bleckou du\u0161i hotelu Europeum!\" \/>\n<meta property=\"og:url\" content=\"https:\/\/europeum.pl\/cs\/umeni-a-design-v-europeum\/\" \/>\n<meta property=\"og:site_name\" content=\"Europeum Hotel\" \/>\n<meta property=\"article:publisher\" content=\"https:\/\/www.facebook.com\/europeum\" \/>\n<meta property=\"article:modified_time\" content=\"2024-09-09T07:00:54+00:00\" \/>\n<meta property=\"og:image\" content=\"https:\/\/europeum.pl\/wp-content\/uploads\/sites\/68\/2024\/06\/5.jpg\" \/>\n\t<meta property=\"og:image:width\" content=\"1920\" \/>\n\t<meta property=\"og:image:height\" content=\"1080\" \/>\n\t<meta property=\"og:image:type\" content=\"image\/jpeg\" \/>\n<meta name=\"twitter:card\" content=\"summary_large_image\" \/>\n<meta name=\"twitter:label1\" content=\"Odhadovan\u00e1 doba \u010dten\u00ed\" \/>\n\t<meta name=\"twitter:data1\" content=\"1 minuta\" \/>\n<script type=\"application\/ld+json\" class=\"yoast-schema-graph\">{\"@context\":\"https:\/\/schema.org\",\"@graph\":[{\"@type\":\"WebPage\",\"@id\":\"https:\/\/europeum.pl\/cs\/umeni-a-design-v-europeum\/\",\"url\":\"https:\/\/europeum.pl\/cs\/umeni-a-design-v-europeum\/\",\"name\":\"Um\u011bn\u00ed a design v Europeum &#8211; Europeum Hotel\",\"isPartOf\":{\"@id\":\"https:\/\/europeum.pl\/cs\/#website\"},\"datePublished\":\"2024-05-03T09:16:13+00:00\",\"dateModified\":\"2024-09-09T07:00:54+00:00\",\"description\":\"Objevte modern\u00ed dekorativn\u00ed a u\u017eit\u00e9 um\u011bn\u00ed, kter\u00e9 je v na\u0161ich interi\u00e9rech v\u0161udyp\u0159\u00edtomn\u00e9. P\u0159i proch\u00e1zce vstupn\u00ed halou, chodbami a pokoji hotelu Europeum se setk\u00e1te s um\u011bleck\u00fdmi d\u00edly, a to jak s restaurovan\u00fdm klasick\u00fdm historick\u00fdm n\u00e1bytkem, tak s modern\u00edmi kousky navr\u017een\u00fdmi a vyroben\u00fdmi speci\u00e1ln\u011b pro Europeum zn\u00e1m\u00fdmi polsk\u00fdmi um\u011blci. Budete si zde p\u0159ipadat jako ve skute\u010dn\u00e9 galerii um\u011bn\u00ed. Pou\u017eit\u00edm p\u0159\u00edrodn\u00edch materi\u00e1l\u016f, jako je dub, mosaz a k\u016f\u017ee, vytv\u00e1\u0159\u00edme p\u0159i restaurov\u00e1n\u00ed staro\u017eitn\u00fdch i nov\u011b navr\u017een\u00fdch p\u0159edm\u011bt\u016f jedine\u010dnou estetiku, kter\u00e1 zaujme a vzru\u0161\u00ed ka\u017ed\u00e9ho, kdo oce\u0148uje nejen um\u011bn\u00ed a \u0159emeslnou zru\u010dnost, ale tak\u00e9 kr\u00e1sn\u00e9 p\u0159edm\u011bty. Poci\u0165te jedine\u010dnou atmosf\u00e9ru a objevte um\u011bleckou du\u0161i hotelu Europeum!\",\"breadcrumb\":{\"@id\":\"https:\/\/europeum.pl\/cs\/umeni-a-design-v-europeum\/#breadcrumb\"},\"inLanguage\":\"cs\",\"potentialAction\":[{\"@type\":\"ReadAction\",\"target\":[\"https:\/\/europeum.pl\/cs\/umeni-a-design-v-europeum\/\"]}]},{\"@type\":\"BreadcrumbList\",\"@id\":\"https:\/\/europeum.pl\/cs\/umeni-a-design-v-europeum\/#breadcrumb\",\"itemListElement\":[{\"@type\":\"ListItem\",\"position\":1,\"name\":\"Home\",\"item\":\"https:\/\/europeum.pl\/cs\/\"},{\"@type\":\"ListItem\",\"position\":2,\"name\":\"Um\u011bn\u00ed a design v Europeum\"}]},{\"@type\":\"WebSite\",\"@id\":\"https:\/\/europeum.pl\/cs\/#website\",\"url\":\"https:\/\/europeum.pl\/cs\/\",\"name\":\"Europeum Hotel\",\"description\":\"\",\"publisher\":{\"@id\":\"https:\/\/europeum.pl\/cs\/#organization\"},\"alternateName\":\"Europeum Hotel\",\"potentialAction\":[{\"@type\":\"SearchAction\",\"target\":{\"@type\":\"EntryPoint\",\"urlTemplate\":\"https:\/\/europeum.pl\/cs\/?s={search_term_string}\"},\"query-input\":\"required name=search_term_string\"}],\"inLanguage\":\"cs\"},{\"@type\":\"Organization\",\"@id\":\"https:\/\/europeum.pl\/cs\/#organization\",\"name\":\"Europeum Hotel\",\"alternateName\":\"Europeum Hotel\",\"url\":\"https:\/\/europeum.pl\/cs\/\",\"logo\":{\"@type\":\"ImageObject\",\"inLanguage\":\"cs\",\"@id\":\"https:\/\/europeum.pl\/cs\/#\/schema\/logo\/image\/\",\"url\":\"https:\/\/europeum.pl\/wp-content\/uploads\/sites\/68\/2023\/10\/logo_europeum_short_version_grey.png\",\"contentUrl\":\"https:\/\/europeum.pl\/wp-content\/uploads\/sites\/68\/2023\/10\/logo_europeum_short_version_grey.png\",\"width\":3508,\"height\":2480,\"caption\":\"Europeum Hotel\"},\"image\":{\"@id\":\"https:\/\/europeum.pl\/cs\/#\/schema\/logo\/image\/\"},\"sameAs\":[\"https:\/\/www.facebook.com\/europeum\",\"https:\/\/www.instagram.com\/europeumhotel\/\"]}]}<\/script>\n<!-- \/ Yoast SEO plugin. -->","yoast_head_json":{"title":"Um\u011bn\u00ed a design v Europeum &#8211; Europeum Hotel","description":"Objevte modern\u00ed dekorativn\u00ed a u\u017eit\u00e9 um\u011bn\u00ed, kter\u00e9 je v na\u0161ich interi\u00e9rech v\u0161udyp\u0159\u00edtomn\u00e9.  P\u0159i proch\u00e1zce vstupn\u00ed halou, chodbami a pokoji hotelu Europeum se setk\u00e1te s um\u011bleck\u00fdmi d\u00edly, a to jak s restaurovan\u00fdm klasick\u00fdm historick\u00fdm n\u00e1bytkem, tak s modern\u00edmi kousky navr\u017een\u00fdmi a vyroben\u00fdmi speci\u00e1ln\u011b pro Europeum zn\u00e1m\u00fdmi polsk\u00fdmi um\u011blci. Budete si zde p\u0159ipadat jako ve skute\u010dn\u00e9 galerii um\u011bn\u00ed.  Pou\u017eit\u00edm p\u0159\u00edrodn\u00edch materi\u00e1l\u016f, jako je dub, mosaz a k\u016f\u017ee, vytv\u00e1\u0159\u00edme p\u0159i restaurov\u00e1n\u00ed staro\u017eitn\u00fdch i nov\u011b navr\u017een\u00fdch p\u0159edm\u011bt\u016f jedine\u010dnou estetiku, kter\u00e1 zaujme a vzru\u0161\u00ed ka\u017ed\u00e9ho, kdo oce\u0148uje nejen um\u011bn\u00ed a \u0159emeslnou zru\u010dnost, ale tak\u00e9 kr\u00e1sn\u00e9 p\u0159edm\u011bty.  Poci\u0165te jedine\u010dnou atmosf\u00e9ru a objevte um\u011bleckou du\u0161i hotelu Europeum!","robots":{"index":"index","follow":"follow","max-snippet":"max-snippet:-1","max-image-preview":"max-image-preview:large","max-video-preview":"max-video-preview:-1"},"canonical":"https:\/\/europeum.pl\/cs\/umeni-a-design-v-europeum\/","og_locale":"cs_CZ","og_type":"article","og_title":"Um\u011bn\u00ed a design v Europeum &#8211; Europeum Hotel","og_description":"Objevte modern\u00ed dekorativn\u00ed a u\u017eit\u00e9 um\u011bn\u00ed, kter\u00e9 je v na\u0161ich interi\u00e9rech v\u0161udyp\u0159\u00edtomn\u00e9.  P\u0159i proch\u00e1zce vstupn\u00ed halou, chodbami a pokoji hotelu Europeum se setk\u00e1te s um\u011bleck\u00fdmi d\u00edly, a to jak s restaurovan\u00fdm klasick\u00fdm historick\u00fdm n\u00e1bytkem, tak s modern\u00edmi kousky navr\u017een\u00fdmi a vyroben\u00fdmi speci\u00e1ln\u011b pro Europeum zn\u00e1m\u00fdmi polsk\u00fdmi um\u011blci. Budete si zde p\u0159ipadat jako ve skute\u010dn\u00e9 galerii um\u011bn\u00ed.  Pou\u017eit\u00edm p\u0159\u00edrodn\u00edch materi\u00e1l\u016f, jako je dub, mosaz a k\u016f\u017ee, vytv\u00e1\u0159\u00edme p\u0159i restaurov\u00e1n\u00ed staro\u017eitn\u00fdch i nov\u011b navr\u017een\u00fdch p\u0159edm\u011bt\u016f jedine\u010dnou estetiku, kter\u00e1 zaujme a vzru\u0161\u00ed ka\u017ed\u00e9ho, kdo oce\u0148uje nejen um\u011bn\u00ed a \u0159emeslnou zru\u010dnost, ale tak\u00e9 kr\u00e1sn\u00e9 p\u0159edm\u011bty.  Poci\u0165te jedine\u010dnou atmosf\u00e9ru a objevte um\u011bleckou du\u0161i hotelu Europeum!","og_url":"https:\/\/europeum.pl\/cs\/umeni-a-design-v-europeum\/","og_site_name":"Europeum Hotel","article_publisher":"https:\/\/www.facebook.com\/europeum","article_modified_time":"2024-09-09T07:00:54+00:00","og_image":[{"width":1920,"height":1080,"url":"https:\/\/europeum.pl\/wp-content\/uploads\/sites\/68\/2024\/06\/5.jpg","type":"image\/jpeg"}],"twitter_card":"summary_large_image","twitter_misc":{"Odhadovan\u00e1 doba \u010dten\u00ed":"1 minuta"},"schema":{"@context":"https:\/\/schema.org","@graph":[{"@type":"WebPage","@id":"https:\/\/europeum.pl\/cs\/umeni-a-design-v-europeum\/","url":"https:\/\/europeum.pl\/cs\/umeni-a-design-v-europeum\/","name":"Um\u011bn\u00ed a design v Europeum &#8211; Europeum Hotel","isPartOf":{"@id":"https:\/\/europeum.pl\/cs\/#website"},"datePublished":"2024-05-03T09:16:13+00:00","dateModified":"2024-09-09T07:00:54+00:00","description":"Objevte modern\u00ed dekorativn\u00ed a u\u017eit\u00e9 um\u011bn\u00ed, kter\u00e9 je v na\u0161ich interi\u00e9rech v\u0161udyp\u0159\u00edtomn\u00e9. P\u0159i proch\u00e1zce vstupn\u00ed halou, chodbami a pokoji hotelu Europeum se setk\u00e1te s um\u011bleck\u00fdmi d\u00edly, a to jak s restaurovan\u00fdm klasick\u00fdm historick\u00fdm n\u00e1bytkem, tak s modern\u00edmi kousky navr\u017een\u00fdmi a vyroben\u00fdmi speci\u00e1ln\u011b pro Europeum zn\u00e1m\u00fdmi polsk\u00fdmi um\u011blci. Budete si zde p\u0159ipadat jako ve skute\u010dn\u00e9 galerii um\u011bn\u00ed. Pou\u017eit\u00edm p\u0159\u00edrodn\u00edch materi\u00e1l\u016f, jako je dub, mosaz a k\u016f\u017ee, vytv\u00e1\u0159\u00edme p\u0159i restaurov\u00e1n\u00ed staro\u017eitn\u00fdch i nov\u011b navr\u017een\u00fdch p\u0159edm\u011bt\u016f jedine\u010dnou estetiku, kter\u00e1 zaujme a vzru\u0161\u00ed ka\u017ed\u00e9ho, kdo oce\u0148uje nejen um\u011bn\u00ed a \u0159emeslnou zru\u010dnost, ale tak\u00e9 kr\u00e1sn\u00e9 p\u0159edm\u011bty. Poci\u0165te jedine\u010dnou atmosf\u00e9ru a objevte um\u011bleckou du\u0161i hotelu Europeum!","breadcrumb":{"@id":"https:\/\/europeum.pl\/cs\/umeni-a-design-v-europeum\/#breadcrumb"},"inLanguage":"cs","potentialAction":[{"@type":"ReadAction","target":["https:\/\/europeum.pl\/cs\/umeni-a-design-v-europeum\/"]}]},{"@type":"BreadcrumbList","@id":"https:\/\/europeum.pl\/cs\/umeni-a-design-v-europeum\/#breadcrumb","itemListElement":[{"@type":"ListItem","position":1,"name":"Home","item":"https:\/\/europeum.pl\/cs\/"},{"@type":"ListItem","position":2,"name":"Um\u011bn\u00ed a design v Europeum"}]},{"@type":"WebSite","@id":"https:\/\/europeum.pl\/cs\/#website","url":"https:\/\/europeum.pl\/cs\/","name":"Europeum Hotel","description":"","publisher":{"@id":"https:\/\/europeum.pl\/cs\/#organization"},"alternateName":"Europeum Hotel","potentialAction":[{"@type":"SearchAction","target":{"@type":"EntryPoint","urlTemplate":"https:\/\/europeum.pl\/cs\/?s={search_term_string}"},"query-input":"required name=search_term_string"}],"inLanguage":"cs"},{"@type":"Organization","@id":"https:\/\/europeum.pl\/cs\/#organization","name":"Europeum Hotel","alternateName":"Europeum Hotel","url":"https:\/\/europeum.pl\/cs\/","logo":{"@type":"ImageObject","inLanguage":"cs","@id":"https:\/\/europeum.pl\/cs\/#\/schema\/logo\/image\/","url":"https:\/\/europeum.pl\/wp-content\/uploads\/sites\/68\/2023\/10\/logo_europeum_short_version_grey.png","contentUrl":"https:\/\/europeum.pl\/wp-content\/uploads\/sites\/68\/2023\/10\/logo_europeum_short_version_grey.png","width":3508,"height":2480,"caption":"Europeum Hotel"},"image":{"@id":"https:\/\/europeum.pl\/cs\/#\/schema\/logo\/image\/"},"sameAs":["https:\/\/www.facebook.com\/europeum","https:\/\/www.instagram.com\/europeumhotel\/"]}]}},"acf":[],"_links":{"self":[{"href":"https:\/\/europeum.pl\/cs\/wp-json\/wp\/v2\/pages\/1355"}],"collection":[{"href":"https:\/\/europeum.pl\/cs\/wp-json\/wp\/v2\/pages"}],"about":[{"href":"https:\/\/europeum.pl\/cs\/wp-json\/wp\/v2\/types\/page"}],"author":[{"embeddable":true,"href":"https:\/\/europeum.pl\/cs\/wp-json\/wp\/v2\/users\/12"}],"replies":[{"embeddable":true,"href":"https:\/\/europeum.pl\/cs\/wp-json\/wp\/v2\/comments?post=1355"}],"version-history":[{"count":0,"href":"https:\/\/europeum.pl\/cs\/wp-json\/wp\/v2\/pages\/1355\/revisions"}],"wp:attachment":[{"href":"https:\/\/europeum.pl\/cs\/wp-json\/wp\/v2\/media?parent=1355"}],"curies":[{"name":"wp","href":"https:\/\/api.w.org\/{rel}","templated":true}]}}